{"id":2027,"date":"2017-09-28T17:08:28","date_gmt":"2017-09-28T15:08:28","guid":{"rendered":"http:\/\/www.hotelsmerano.it\/?page_id=2027"},"modified":"2026-03-31T11:33:14","modified_gmt":"2026-03-31T09:33:14","slug":"impressum-und-credits","status":"publish","type":"page","link":"https:\/\/www.hotelsmerano.it\/de\/impressum-und-credits\/","title":{"rendered":"Impressum &amp; Credits"},"content":{"rendered":"<h2>Herausgeber &amp; Texte<\/h2>\n<p><strong>P&amp;H Management GmbH<\/strong><br \/>\nXXX-April-Strasse 2<br \/>\nI-39012 Meran I S\u00fcdtirol<\/p>\n<p>Tel. +39 0473 448 335<br \/>\nFax +39 0473 220 544<br \/>\nwww.hotelsmerano.it<br \/>\n<a href=\"mailto:info@hotelsmerano.it\">info@hotelsmerano.it<\/a><br \/>\n<a href=\"https:\/\/www.hotelsmerano.it\/wp-content\/uploads\/2025\/01\/HOTELSMERANO_PROSPEKT_2023_DEUTSCH.pdf\" target=\"_blank\" rel=\"noopener\">Prospekt<\/a><\/p>\n<p>Steuer- &amp; Eintragungsnummer<br \/>\nHandelskammer Bozen: 02735620219<br \/>\nMwSt.-Nr. IT02735620219<br \/>\nGes. Kapital 11.000 \u20ac, voll eingezahlt<br \/>\nREA Nr. BZ-201305<\/p>\n<p>&nbsp;<\/p>\n<h3>Design und Realisierung<\/h3>\n<p>www.madeincima.it<\/p>\n<p>&nbsp;<\/p>\n<h3>Partner<\/h3>\n<p>www.termemerano.it<br \/>\nwww.trauttmansdorff.it<br \/>\nHotelsmerano auf <a href=\"https:\/\/www.bookingsuedtirol.com\/de\" target=\"_blank\" rel=\"noopener\">bookingsuedtirol.com<\/a><\/p>\n<p>&nbsp;<\/p>\n<h3>Bildnachweis Fotos<\/h3>\n<ul>\n<li><strong>P&amp;H Management GmbH<\/strong> (diverse Fotografen: Anguane, Beatrice Pilotto, Pasquale Granata, Marco Pompeo, Florian Busch, Stephan Alexander Schmuck, Daniela Skrzypczak, Paul Peter Gasser, Michael Markl): www.hotelsmerano.it<\/li>\n<li><strong>IDM S\u00fcdtirol, Marketinggesellschaft Meran, Kurverwaltung Meran<\/strong> (diverse Fotografen: Florian Andergassen, Hubert Andergassen, Leonhard Angerer, Foto Press Arigossi Fabrizio, Elisa Arrais, Markus Auer, Udo Bernhart, Petr Blaha, Frieder Blickle, Gianni Bodini, Martin Braito, Christian Brecheis, Hans Brunner, Alberto Campanile, Hermann Castiglioni, Andrea Ceccarelli, Joachim Chwaszcza, Matthias Dantone, Oskar Dariz, De Biasi, Andale Peter Duschek, Norbert Eisele-Hein, Stefan Eisend, Mario Entero, Johannes Fein, Alex Filz, Martin Finke, Foto Dieter Drescher, Foto Mike, Foto Staschitz, Remo Forcellini, Foto-dpi, Sigrid Frei, Hermann Maria Gasser, Mauro Gambicorti, Gandolfi, Maria Gapp, Daniel Geiger, Fabrizio Giusti, Fritz G\u00f6tsch, Anna Gruber, Albert Gruber, Robert Gruber, Thomas Gr\u00fcner, Christian Gufler, Helmuth E. G\u00fcnther, Anita Hafner, Markus Hell, Heidi Hintereck, Brunhilde Hofer, Matthias Hofer, Marita Holzner Tschannerl, Walter Innerhofer, Innerhofer Photodesign, Martina Jaider, Christian Jungwirth, Andree Kaiser, Hans Kammerlander, Manfred Kilian, Bruno Klomfar, Peter Klotz, Daniela Kofler, Manuel Kottersteger, Ralf Kreuels, Marion Lafogler, Claude Langlois, Max Lautenschl\u00e4ger, Sigi Lechner, Hans-Peter Leu, Walther L\u00fccker, Ruben Mahlknecht, Erwin Mairginter, Thomas Malburg, Paola Marcello, Andreas Marini, Doris Marth, Clorenzo Masin, Georg Mayr, Robert Mendini, Sissa Micheli, Milanesio, MK Illumination, Laurin Moser, Remo Mosna, Ernst M\u00fcller, Michael M\u00fcller, Asselin Muro, Ulrich Musiol, Hannes Niederkofler, Hermann Oberhofer, Andreas Panzenberger, Valentin Pardeller, Diego Patete, Pawloswski, Florian Peer, Patrizia Pellegrini, Damian Lukas Pertoll, Klaus Peterlin, Bernardette Pfeifer, Stefan Pfeiffer, Benjamin Pfitscher, Magdalena Pf\u00f6stl, G\u00fcnther Pichler, Walter Pichler, Marc Pircher, Markus Pircher, Stefan Pircher, Hansj\u00f6rg Pirpamer, Franz Pixner, Freddy Planinschek, Isidor Plangger, Kassian Plangger, Christian Platzer, Jessica Preuhs, Markus Prieth, Manuela Prossliner, Marion Prossliner, Alexa Rainer, Iris Ratschiller, Oswald Reichegger, Helmuth Rier, Ren\u00e9 Riller, Sighart Ritsch, Bernd Ritschel, Marco Samadelli, Peter Santer, Marco Santini, Stefano Scat\u00e0, Martin Sch\u00f6negger, Stefan Sch\u00fctz, Angelika Schwarz, Patrick Schwienbacher, Hartmann Seeber, Othmar Seehauser, Gigi Sommese, Flo Smith, Erich Spitaler, K. Stanzel, Kurt Steigerwald, Harald Steinert, Roland Strimmer, Tappeiner, Georg Tappeiner, Kurt Tappeiner, Gotthard Terrabona, Armin Terzer, Hannes Thaler, Karin Thaler, Ludwig Thalheimer, Alessandro Trovati, Christian Tschurtschenthaler, Erich Unterthurner, Peter Vanzo, Thomas Wiedenhofer, Heinz Widmann, Waltner Wirte, Harald Wisthaler, Gionata Xerra, Clemens Zahn, Alex Zambelli, Thomas Zwyssig, Aries Creative, Atesia-Tappeiner, Bar Kegelbahn St. Martin, Bergbahnen Meran 2000, Berglouter, Blue Light Orchestra, Bonata, Brauhotel Martinerhof, Chalet Hafling Leckplatt, Erlebnisfreibad St. Leonhard, Fara Fussball, Fotoclub Immagine Merano, Fotopress Arigossi, Flyhirzer, Freiraum, Gix GmbH, Golfclub Passeier, Grill-Imbiss Riffl, G\u00fcnthers Skischule, Holzf\u00e4llerteam S\u00fcdtirol, Hotel Unterwirt, IDM S\u00fcdtirol, Iref, Karnutsch G\u00fcnther &amp; Co. OHG, Kellerei Meran Bruggr\u00e4fler, Kellerei Nals Margreid, Meranarena, Lanarepro, Medus, Museum Hinterpasseier, Museum Passeier, Naturbad Gargazon, Netzolutions OHG, Pfandler Alm, Ohnewein, Opas Diandl, Original S\u00fcdtiroler Christkindlm\u00e4rkte, Original S\u00fcdtiroler Spitzbuam, Ortler Skiarena, Pfarrkirche Kuens, Pfarrkirche Maria Himmelfahrt, Pfarrkirche Zum Heiligen Leonard, PUR S\u00fcdtirol, Raiffeisenkasse Passeier Gen., Raiffeisenkasse St. Martin, Roter Rucksack, Schuhplattler Stuls, Schloss Trauttmansdorff, Schnalstaler Gletscherbahn, Sch\u00fcrzenj\u00e4ger, Schwimmbad St. Martin, Seiser Alm, Siek-It UG, Sirio Skyteam, Skilift Pfelders, Skischule Meran 2000, Skischule Pfelders, St. Anna Pfistradalm, Spinnradl, Sportarena St. Leonhard, Stadtgemeinde Meran, Step In, Stettiner Cup by Salewa, Stodlgang, Tandemclub, Tappeiner AG, Texelbahn AG, Therme Meran, The Quarrymen, Touriseum, Traktor Museum, TV Algund, TVB Eisacktal, TVB Hochpustertal, TVB Kronplatz, TV Deutschnonsberg, TV Dorf Tirol, TV Eppan Raiffeisen, TV Hafling-V\u00f6ran-Meran2000, TV Lana und Umgebung, TV Marling, TV Nals, TV Naturns-Plaus, TV Partschins-Rabland-T\u00f6ll, TV Passeiertal, TV Schenna, TV Schnalstal, TV Tisens-Prissian, TV Ultental-Proveis, Ursprung Buam, Vibram,Vinschgau Marketing Marketing, Wezl): www.suedtirol.info, www.merano-suedtirol.it, www.meran.eu<\/li>\n<li><strong>Therme Meran<\/strong> (diverse Fotografen: Kim Andreolli, Frieder Blickle, Oskar Dariz, DOCsrl, Mario Entero, Marion Gelmini-Tappeiner, Christian Gufler, Marion Lafogler, Manuela Prossliner, Helmuth Rier, Tappeiner, Trend, Gionata Xerra): www.thermemeran.it<\/li>\n<li><strong>Die G\u00e4rten von Schloss Trauttmansdorff<\/strong> (diverse Fotografen: Flyles Planet, Marion Gelmini, Christian Gufler, Land- und forstwirtschaftliches Versuchszentrum Laimburg, Alexander Pircher, Manuela Prossliner, Patrick Schwienbacher Werbefoto Seppi, Spherea3D GmbH): www.trauttmansdorff.it<\/li>\n<li><strong>Pferderennplatz Meran<\/strong> (Foto Press Arigossi): www.meranomaia.it<\/li>\n<li><strong>Meraner Musikwochen Verein:<\/strong> www.meranofestival.com<\/li>\n<li><strong>Vitalis Dr. Joseph:<\/strong> www.vitalis-dr-joseph.com<\/li>\n<li><strong>Daniela Skrzypczak:<\/strong> www.demipress.me<\/li>\n<li><strong>Asfaltart<\/strong> (diverse Fotografen: Anna Ferigo, Sandy Kirchlechner, Fabrizio Giusti) : www.asfaltart.it<\/li>\n<li><strong>Sektion Meran des Alpenvereins S\u00fcdtirol:<\/strong> www.alpenverein-meran.it<\/li>\n<li><strong>Fotolia:<\/strong> www.fotolia.com<\/li>\n<li><strong>iStockphoto:<\/strong>www.istockphoto.com<\/li>\n<\/ul>\n<p>Ehre wem Ehre geb\u00fchrt. Wir lieben sch\u00f6ne Bilder. Und freuen uns, dass wir so viele davon verwenden d\u00fcrfen. Sollten wir jedoch unwissentlich einen Autor bzw. eine Fotografen hier nicht genannt haben oder ihn nicht richtig zugeordnet haben, so war das nicht unsere Absicht. Bitte teilen Sie uns dies umgehend mit, damit wir unseren Fehler korrigieren k\u00f6nnen. Danke.<\/p>\n<p>&nbsp;<\/p>\n<h3>Haftungsausschluss<\/h3>\n<p>Die P&amp;H Management GmbH. bem\u00fcht sich, nach bestem Verm\u00f6gen daf\u00fcr Sorge zu tragen, dass die in diesem Internetauftritt enthaltenen Informationen zutreffend sind. Eine Haftung oder Garantie f\u00fcr die Aktualit\u00e4t, Richtigkeit und Vollst\u00e4ndigkeit der zur Verf\u00fcgung gestellten Informationen ist jedoch ausgeschlossen. Ferner ist die P&amp;H Management GmbH f\u00fcr den Inhalt der \u00fcber Hyperlink extern verbundenen Internetauftritte nicht verantwortlich. Die P&amp;H Management GmbH beh\u00e4lt sich vor, ohne Ank\u00fcndigung, \u00c4nderungen oder Erg\u00e4nzungen der bereitgestellten Informationen vorzunehmen.<\/p>\n<p>&nbsp;<\/p>\n<h3>Transparente Verwaltung<\/h3>\n<p><strong>Angaben im Sinne von Art. 1, Absatz 125, des Gesetzes Nr. 124 vom 4. August 2017<\/strong><br \/>\nEs wird darauf hingewiesen, dass die Gesellschaft im Gesch\u00e4ftsjahr 2023 keine Subventionen, Zuwendungen oder finanzielle Vorteile seitens \u00f6ffentlicher K\u00f6rperschaften erhalten hat, welche den gesetzlich festgelegten Mindestbetrag \u00fcberschreiten, mit Ausnahme der unten angef\u00fchrten Beg\u00fcnstigungen und jener die gem\u00e4\u00df der geltenden Gesetzesbestimmungen der Ver\u00f6ffentlichungspflicht im &#8222;Registro Nazionale degli Aiuti di Stato&#8220; unterliegen und im Abschnitt Transparenz, auf den Bezug genommen wird, angef\u00fchrt sind:<\/p>\n<p>Jahr 2023:<br \/>\nAgentur der Einnahmen &#8211; Energiebonus f\u00fcr nicht energieintensive Unternehmen \u2013 1\u00b0 Trimester 2023 : 9.402,00 \u20ac<br \/>\nAgentur der Einnahmen &#8211; Energiebonus f\u00fcr nicht energieintensive Unternehmen \u2013 2\u00b0 Trimester 2023 : 2.777,00 \u20ac<\/p>\n<p>Jahr 2022:<br \/>\nAgentur der Einnahmen &#8211; Energiebonus f\u00fcr nicht energieintensive Unternehmen \u2013 2\u00b0 Trimester 2022: 9.064,00 \u20ac<br \/>\nAgentur der Einnahmen &#8211; Energiebonus f\u00fcr nicht energieintensive Unternehmen \u2013 3\u00b0 Trimester 2022: 14.277,00 \u20ac<br \/>\nAgentur der Einnahmen &#8211; Energiebonus f\u00fcr nicht energieintensive Unternehmen \u2013 Oktober\/November 2022: 10.056,00 \u20ac<br \/>\nAgentur der Einnahmen &#8211; Energiebonus f\u00fcr nicht energieintensive Unternehmen \u2013 Dezember 2022: 7.765,00 \u20ac<br \/>\nAgentur der Einnahmen &#8211; Steuerguthaben Gemeindeimmobiliensteuer \u2013 Art. 22 D.L.n. 21\/22: 5.168,00 \u20ac<br \/>\nAgentur der Einnahmen &#8211; Steuerguthaben Miet- &amp; Pachtzahlungen \u2013 Art. 5 D.L. n. 4\/22: 87.432,00 \u20ac<br \/>\nAutonome Provinz Bozen &#8211; Verlustbeitrag Covid-19: 3.999,00 \u20ac<\/p>\n<p>Jahr 2021:<br \/>\nAgentur der Einnahmen &#8211; Verlustbeitrag Covid-19 \/ Art. 1 D.L. n. 41\/21: 55.501,00 \u20ac<br \/>\nAgentur der Einnahmen &#8211; Verlustbeitrag Covid-19 \/ Art. 1, c. 1-3, D.L. n. 73\/21: 55.501,00 \u20ac<br \/>\nAgentur der Einnahmen &#8211; Verlustbeitrag Covid-19 \/ Art. 1, c. 5-15, D.L. n. 73\/21: 5.278,00 \u20ac<br \/>\nAgentur der Einnahmen &#8211; Verlustbeitrag Covid-19 \/ Art. 1, c. 16-27, D.L. n. 73\/21: 41.465,00 \u20ac<br \/>\nMinistero del Turismo &#8211; Verlustbeitrag Covid-19 \/ Art. 6 Decreto del 24.08.2021: 100.000,00 \u20ac<br \/>\nMinistero Politiche Agricole &#8211; Verlustbeitrag Covid-19 \/ Art. 58 D.L. n. 104\/20: 8.706,00 \u20ac<br \/>\nAgentur der Einnahmen &#8211; Steuerguthaben \u201eCanone Rai\u201c \u2013 Art. 6, c. 6 D.L. n. 41\/21: 1.018,00 \u20ac<br \/>\nAgentur der Einnahmen &#8211; Steuerguthaben Miet- &amp; Pachtzahlungen: 196.956,00 \u20ac<br \/>\nAutonome Provinz Bozen &#8211; Fixkostenbeitrag Covid-19: 100.000,00 \u20ac<br \/>\nAutonome Provinz Bozen &#8211; Verlustbeitrag Covid-19: 11.236,00 \u20ac<br \/>\nStadtgemeinde Meran &#8211; Streichung 1\u00b0 Akonto GIS Hotelimmobilie \u2013 Jahr 2021: 10.337,00 \u20ac<\/p>\n<p>Jahr 2020:<br \/>\nAgentur der Einnahmen &#8211; Streichung IRAP Saldo Kompetenz Vorjahr: 24.689,00 \u20ac<br \/>\nAgentur der Einnahmen &#8211; Verlustbeitrag Covid-19 \/ Ristori: 91.424,00 \u20ac<br \/>\nAgentur der Einnahmen &#8211; Steuerguthaben Miet- &amp; Pachtzahlungen: 230.191,00 \u20ac<br \/>\nAgentur der Einnahmen &#8211; Steuerguthaben Schutzmaterial Covid-19: 2.405,00 \u20ac<br \/>\nStadtgemeinde Meran &#8211; Streichung GIS Hotelimmobilie \u2013 Jahr 2020: 20.674,00 \u20ac<\/p>\n<p>Die Angabe der erhaltenen Subventionen erfolgt nach dem Zufluss- bzw. Kassaprinzip. Andere Zuwendungen bzw. finanzielle Beg\u00fcnstigungen werden nach dem Kompetenzprinzip erfasst. Die angef\u00fchrten Betr\u00e4ge wurden auf der n\u00e4chsten Euroeinheit auf- bzw. abgerundet.<\/p>\n<p>Registro Nazionale degli Aiuti di Stato: https:\/\/www.rna.gov.it\/RegistroNazionaleTrasparenza\/faces\/pages\/TrasparenzaAiuto.jspx<\/p>\n<p>&nbsp;<\/p>\n<h3>Urheberrecht<\/h3>\n<p>Die Inhalte des Internetauftritts der P&amp;H Management GmbH sind urheberrechtlich gesch\u00fctzt. Die Vervielf\u00e4ltigung von Informationen, insbesondere die Verwendung von Texten, Textteilen oder Bildmaterial bedarf der vorherigen schriftlichen Genehmigung der P&amp;H Management GmbH.<\/p>\n","protected":false},"excerpt":{"rendered":"<p>Herausgeber &amp; Texte P&amp;H Management GmbH XXX-April-Strasse 2 I-39012 Meran I S\u00fcdtirol Tel. +39 0473 448 335 Fax +39 0473 220 544 www.hotelsmerano.it info@hotelsmerano.it Prospekt Steuer- &amp; Eintragungsnummer Handelskammer Bozen: 02735620219 MwSt.-Nr. IT02735620219 Ges. Kapital 11.000 \u20ac, voll eingezahlt REA Nr. BZ-201305 &nbsp; Design und Realisierung www.madeincima.it &nbsp; Partner www.termemerano.it www.trauttmansdorff.it Hotelsmerano auf bookingsuedtirol.com &nbsp; [&hellip;]<\/p>\n","protected":false},"author":2,"featured_media":0,"parent":0,"menu_order":0,"comment_status":"closed","ping_status":"closed","template":"","meta":{"_acf_changed":false,"footnotes":""},"class_list":["post-2027","page","type-page","status-publish","hentry"],"acf":[],"yoast_head":"<!-- This site is optimized with the Yoast SEO plugin v26.9 - https:\/\/yoast.com\/product\/yoast-seo-wordpress\/ -->\n<title>P&amp;H Family \u2013 Offizielle Website - Impressum &amp; Credits<\/title>\n<meta name=\"description\" content=\"Impressum: P&amp;H Management GmbH I XXX-April-Str. 2 I 39012 Meran I S\u00fcdtirol I Italien I Tel. +39 0473 448 335 I Fax +39 0473 220 544 I info@hotelsmerano.it\" \/>\n<meta name=\"robots\" content=\"index, follow, max-snippet:-1, max-image-preview:large, max-video-preview:-1\" \/>\n<meta property=\"og:locale\" content=\"de_DE\" \/>\n<meta property=\"og:type\" content=\"article\" \/>\n<meta property=\"og:title\" content=\"P&amp;H Family \u2013 Offizielle Website - Impressum &amp; Credits\" \/>\n<meta property=\"og:description\" content=\"Impressum: P&amp;H Management GmbH I XXX-April-Str. 2 I 39012 Meran I S\u00fcdtirol I Italien I Tel. +39 0473 448 335 I Fax +39 0473 220 544 I info@hotelsmerano.it\" \/>\n<meta property=\"og:url\" content=\"https:\/\/www.hotelsmerano.it\/de\/impressum-und-credits\/\" \/>\n<meta property=\"og:site_name\" content=\"P&amp;H Family\" \/>\n<meta property=\"article:modified_time\" content=\"2026-03-31T09:33:14+00:00\" \/>\n<meta name=\"twitter:card\" content=\"summary_large_image\" \/>\n<meta name=\"twitter:label1\" content=\"Gesch\u00e4tzte Lesezeit\" \/>\n\t<meta name=\"twitter:data1\" content=\"7\u00a0Minuten\" \/>\n<script type=\"application\/ld+json\" class=\"yoast-schema-graph\">{\"@context\":\"https:\/\/schema.org\",\"@graph\":[{\"@type\":\"WebPage\",\"@id\":\"https:\/\/www.hotelsmerano.it\/de\/impressum-und-credits\/\",\"url\":\"https:\/\/www.hotelsmerano.it\/de\/impressum-und-credits\/\",\"name\":\"P&H Family \u2013 Offizielle Website - Impressum & Credits\",\"isPartOf\":{\"@id\":\"https:\/\/www.hotelsmerano.it\/#website\"},\"datePublished\":\"2017-09-28T15:08:28+00:00\",\"dateModified\":\"2026-03-31T09:33:14+00:00\",\"description\":\"Impressum: P&H Management GmbH I XXX-April-Str. 2 I 39012 Meran I S\u00fcdtirol I Italien I Tel. +39 0473 448 335 I Fax +39 0473 220 544 I info@hotelsmerano.it\",\"breadcrumb\":{\"@id\":\"https:\/\/www.hotelsmerano.it\/de\/impressum-und-credits\/#breadcrumb\"},\"inLanguage\":\"de\",\"potentialAction\":[{\"@type\":\"ReadAction\",\"target\":[\"https:\/\/www.hotelsmerano.it\/de\/impressum-und-credits\/\"]}]},{\"@type\":\"BreadcrumbList\",\"@id\":\"https:\/\/www.hotelsmerano.it\/de\/impressum-und-credits\/#breadcrumb\",\"itemListElement\":[{\"@type\":\"ListItem\",\"position\":1,\"name\":\"Home\",\"item\":\"https:\/\/www.hotelsmerano.it\/\"},{\"@type\":\"ListItem\",\"position\":2,\"name\":\"Impressum &amp; Credits\"}]},{\"@type\":\"WebSite\",\"@id\":\"https:\/\/www.hotelsmerano.it\/#website\",\"url\":\"https:\/\/www.hotelsmerano.it\/\",\"name\":\"P&amp;H Family\",\"description\":\"\",\"potentialAction\":[{\"@type\":\"SearchAction\",\"target\":{\"@type\":\"EntryPoint\",\"urlTemplate\":\"https:\/\/www.hotelsmerano.it\/?s={search_term_string}\"},\"query-input\":{\"@type\":\"PropertyValueSpecification\",\"valueRequired\":true,\"valueName\":\"search_term_string\"}}],\"inLanguage\":\"de\"}]}<\/script>\n<!-- \/ Yoast SEO plugin. -->","yoast_head_json":{"title":"P&H Family \u2013 Offizielle Website - Impressum & Credits","description":"Impressum: P&H Management GmbH I XXX-April-Str. 2 I 39012 Meran I S\u00fcdtirol I Italien I Tel. +39 0473 448 335 I Fax +39 0473 220 544 I info@hotelsmerano.it","robots":{"index":"index","follow":"follow","max-snippet":"max-snippet:-1","max-image-preview":"max-image-preview:large","max-video-preview":"max-video-preview:-1"},"og_locale":"de_DE","og_type":"article","og_title":"P&H Family \u2013 Offizielle Website - Impressum & Credits","og_description":"Impressum: P&H Management GmbH I XXX-April-Str. 2 I 39012 Meran I S\u00fcdtirol I Italien I Tel. +39 0473 448 335 I Fax +39 0473 220 544 I info@hotelsmerano.it","og_url":"https:\/\/www.hotelsmerano.it\/de\/impressum-und-credits\/","og_site_name":"P&amp;H Family","article_modified_time":"2026-03-31T09:33:14+00:00","twitter_card":"summary_large_image","twitter_misc":{"Gesch\u00e4tzte Lesezeit":"7\u00a0Minuten"},"schema":{"@context":"https:\/\/schema.org","@graph":[{"@type":"WebPage","@id":"https:\/\/www.hotelsmerano.it\/de\/impressum-und-credits\/","url":"https:\/\/www.hotelsmerano.it\/de\/impressum-und-credits\/","name":"P&H Family \u2013 Offizielle Website - Impressum & Credits","isPartOf":{"@id":"https:\/\/www.hotelsmerano.it\/#website"},"datePublished":"2017-09-28T15:08:28+00:00","dateModified":"2026-03-31T09:33:14+00:00","description":"Impressum: P&H Management GmbH I XXX-April-Str. 2 I 39012 Meran I S\u00fcdtirol I Italien I Tel. +39 0473 448 335 I Fax +39 0473 220 544 I info@hotelsmerano.it","breadcrumb":{"@id":"https:\/\/www.hotelsmerano.it\/de\/impressum-und-credits\/#breadcrumb"},"inLanguage":"de","potentialAction":[{"@type":"ReadAction","target":["https:\/\/www.hotelsmerano.it\/de\/impressum-und-credits\/"]}]},{"@type":"BreadcrumbList","@id":"https:\/\/www.hotelsmerano.it\/de\/impressum-und-credits\/#breadcrumb","itemListElement":[{"@type":"ListItem","position":1,"name":"Home","item":"https:\/\/www.hotelsmerano.it\/"},{"@type":"ListItem","position":2,"name":"Impressum &amp; Credits"}]},{"@type":"WebSite","@id":"https:\/\/www.hotelsmerano.it\/#website","url":"https:\/\/www.hotelsmerano.it\/","name":"P&amp;H Family","description":"","potentialAction":[{"@type":"SearchAction","target":{"@type":"EntryPoint","urlTemplate":"https:\/\/www.hotelsmerano.it\/?s={search_term_string}"},"query-input":{"@type":"PropertyValueSpecification","valueRequired":true,"valueName":"search_term_string"}}],"inLanguage":"de"}]}},"_links":{"self":[{"href":"https:\/\/www.hotelsmerano.it\/de\/wp-json\/wp\/v2\/pages\/2027","targetHints":{"allow":["GET"]}}],"collection":[{"href":"https:\/\/www.hotelsmerano.it\/de\/wp-json\/wp\/v2\/pages"}],"about":[{"href":"https:\/\/www.hotelsmerano.it\/de\/wp-json\/wp\/v2\/types\/page"}],"author":[{"embeddable":true,"href":"https:\/\/www.hotelsmerano.it\/de\/wp-json\/wp\/v2\/users\/2"}],"replies":[{"embeddable":true,"href":"https:\/\/www.hotelsmerano.it\/de\/wp-json\/wp\/v2\/comments?post=2027"}],"version-history":[{"count":0,"href":"https:\/\/www.hotelsmerano.it\/de\/wp-json\/wp\/v2\/pages\/2027\/revisions"}],"wp:attachment":[{"href":"https:\/\/www.hotelsmerano.it\/de\/wp-json\/wp\/v2\/media?parent=2027"}],"curies":[{"name":"wp","href":"https:\/\/api.w.org\/{rel}","templated":true}]}}