{"id":12428,"date":"2021-07-05T14:25:21","date_gmt":"2021-07-05T12:25:21","guid":{"rendered":"https:\/\/www.hotelsmerano.it\/?page_id=12428"},"modified":"2026-04-08T09:52:49","modified_gmt":"2026-04-08T07:52:49","slug":"wir-leben-nachhaltigkeit","status":"publish","type":"page","link":"https:\/\/www.hotelsmerano.it\/de\/die-betriebszweige-der-ph-management-gmbh\/wir-leben-nachhaltigkeit\/","title":{"rendered":"Wir leben Nachhaltigkeit"},"content":{"rendered":"<p>T\u00e4glich arbeiten wir mit Menschen und ihren Bed\u00fcrfnissen. <strong>Und genau deshalb sp\u00fcren wir die gro\u00dfe Verantwortung<\/strong> unseren Mitarbeitern, unseren G\u00e4sten, unserer Familie, den Einheimischen und der Gesellschaft als Ganzes gegen\u00fcber.<\/p>\n<p>Es spornt uns an, dass wir einen Beitrag zur Nachhaltigkeit leisten k\u00f6nnen und so unsere Zukunft wirkungsvoll mitzugestalten. Nachhaltigkeit ist f\u00fcr uns kein Schlagwort, das wir in unseren Marketingaktionen gro\u00df positionieren m\u00f6chten. Nachhaltigkeit ist f\u00fcr uns vielmehr <strong>ein laufender Prozess.<\/strong> Mit kleinen Schritten und Tag f\u00fcr Tag arbeiten wir st\u00e4ndig daran, nachhaltiger zu denken, uns nachhaltiger zu verhalten und vielleicht dadurch auch andere anzuspornen, das Gleiche zu tun. Nachhaltigkeit ist nicht unser Ziel, es ist der Weg den wir tagt\u00e4glich beschreiten.<\/p>\n<p>Aus all diesen Gr\u00fcnden haben wir uns f\u00fcr eine Zertifizierung durch <a href=\"https:\/\/www.tourcert.org\" target=\"_blank\" rel=\"noopener\">TourCert<\/a> entschieden. Nicht um ein Diplom zu erhalten, sondern um einen Prozess anzusto\u00dfen zur st\u00e4ndigen Weiterentwicklung und kontinuierlichen Verbesserung unserer Strukturen. Unser <a href=\"https:\/\/www.hotelsmerano.it\/wp-content\/uploads\/2023\/07\/Nachhaltigkeitsbericht-2023.pdf\" target=\"_blank\" rel=\"noopener\">Nachhaltigkeitsbericht samt Verbesserungsprogramm<\/a> ist die Grundlage f\u00fcr st\u00e4ndige Weiterentwicklung und Ver\u00e4nderung. Und somit auch eine enorme Herausforderung. Die wir gerne annehmen.<\/p>\n<p>Und die auch anerkannt wurde. Im Jahr 2023 haben wir zudem die Auszeichnung <a href=\"https:\/\/www.idm-suedtirol.com\/de\/unsere-leistungen\/nachhaltigkeit\/nachhaltigkeitslabel-suedtirol\" target=\"_blank\" rel=\"noopener\"><strong>Nachhaltigkeitslabel S\u00fcdtirol<\/strong><\/a><strong> mit dem Level 3<\/strong>, dem h\u00f6chst m\u00f6glichen Level, erhalten. Das freut uns nat\u00fcrlich besonders.<\/p>\n<p>Denn so arbeiten wir gemeinsam f\u00fcr einen verantwortungsvollen, nachhaltigen Tourismus. Das ist unser Weg zu einem besseren Morgen.<\/p>\n<p>Ihre Familie H\u00f6lzl Pippi<\/p>\n","protected":false},"excerpt":{"rendered":"<p>T\u00e4glich arbeiten wir mit Menschen und ihren Bed\u00fcrfnissen. Und genau deshalb sp\u00fcren wir die gro\u00dfe Verantwortung unseren Mitarbeitern, unseren G\u00e4sten, unserer Familie, den Einheimischen und der Gesellschaft als Ganzes gegen\u00fcber. Es spornt uns an, dass wir einen Beitrag zur Nachhaltigkeit leisten k\u00f6nnen und so unsere Zukunft wirkungsvoll mitzugestalten. Nachhaltigkeit ist f\u00fcr uns kein Schlagwort, das [&hellip;]<\/p>\n","protected":false},"author":5,"featured_media":13211,"parent":2673,"menu_order":0,"comment_status":"closed","ping_status":"closed","template":"","meta":{"_acf_changed":false,"footnotes":""},"class_list":["post-12428","page","type-page","status-publish","has-post-thumbnail","hentry"],"acf":[],"yoast_head":"<!-- This site is optimized with the Yoast SEO plugin v26.9 - https:\/\/yoast.com\/product\/yoast-seo-wordpress\/ -->\n<title>Wir leben Nachhaltigkeit - P&amp;H Family<\/title>\n<meta name=\"robots\" content=\"index, follow, max-snippet:-1, max-image-preview:large, max-video-preview:-1\" \/>\n<meta property=\"og:locale\" content=\"de_DE\" \/>\n<meta property=\"og:type\" content=\"article\" \/>\n<meta property=\"og:title\" content=\"Wir leben Nachhaltigkeit - P&amp;H Family\" \/>\n<meta property=\"og:description\" content=\"T\u00e4glich arbeiten wir mit Menschen und ihren Bed\u00fcrfnissen. Und genau deshalb sp\u00fcren wir die gro\u00dfe Verantwortung unseren Mitarbeitern, unseren G\u00e4sten, unserer Familie, den Einheimischen und der Gesellschaft als Ganzes gegen\u00fcber. Es spornt uns an, dass wir einen Beitrag zur Nachhaltigkeit leisten k\u00f6nnen und so unsere Zukunft wirkungsvoll mitzugestalten. Nachhaltigkeit ist f\u00fcr uns kein Schlagwort, das [&hellip;]\" \/>\n<meta property=\"og:url\" content=\"https:\/\/www.hotelsmerano.it\/de\/die-betriebszweige-der-ph-management-gmbh\/wir-leben-nachhaltigkeit\/\" \/>\n<meta property=\"og:site_name\" content=\"P&amp;H Family\" \/>\n<meta property=\"article:modified_time\" content=\"2026-04-08T07:52:49+00:00\" \/>\n<meta property=\"og:image\" content=\"https:\/\/www.hotelsmerano.it\/wp-content\/uploads\/2023\/07\/PH_Family_Meran_City_Hotel_Merano_Hotel_Flora_Gastgeber_Dr._Barbara_Hoelzl_Dr._Stefano_Pippi_1_Anguane_2017-4921_2250x1000-certificated.jpg\" \/>\n\t<meta property=\"og:image:width\" content=\"2250\" \/>\n\t<meta property=\"og:image:height\" content=\"1000\" \/>\n\t<meta property=\"og:image:type\" content=\"image\/jpeg\" \/>\n<meta name=\"twitter:card\" content=\"summary_large_image\" \/>\n<meta name=\"twitter:label1\" content=\"Gesch\u00e4tzte Lesezeit\" \/>\n\t<meta name=\"twitter:data1\" content=\"2\u00a0Minuten\" \/>\n<script type=\"application\/ld+json\" class=\"yoast-schema-graph\">{\"@context\":\"https:\/\/schema.org\",\"@graph\":[{\"@type\":\"WebPage\",\"@id\":\"https:\/\/www.hotelsmerano.it\/de\/die-betriebszweige-der-ph-management-gmbh\/wir-leben-nachhaltigkeit\/\",\"url\":\"https:\/\/www.hotelsmerano.it\/de\/die-betriebszweige-der-ph-management-gmbh\/wir-leben-nachhaltigkeit\/\",\"name\":\"Wir leben Nachhaltigkeit - P&amp;H Family\",\"isPartOf\":{\"@id\":\"https:\/\/www.hotelsmerano.it\/#website\"},\"primaryImageOfPage\":{\"@id\":\"https:\/\/www.hotelsmerano.it\/de\/die-betriebszweige-der-ph-management-gmbh\/wir-leben-nachhaltigkeit\/#primaryimage\"},\"image\":{\"@id\":\"https:\/\/www.hotelsmerano.it\/de\/die-betriebszweige-der-ph-management-gmbh\/wir-leben-nachhaltigkeit\/#primaryimage\"},\"thumbnailUrl\":\"https:\/\/www.hotelsmerano.it\/wp-content\/uploads\/2023\/07\/PH_Family_Meran_City_Hotel_Merano_Hotel_Flora_Gastgeber_Dr._Barbara_Hoelzl_Dr._Stefano_Pippi_1_Anguane_2017-4921_2250x1000-certificated.jpg\",\"datePublished\":\"2021-07-05T12:25:21+00:00\",\"dateModified\":\"2026-04-08T07:52:49+00:00\",\"breadcrumb\":{\"@id\":\"https:\/\/www.hotelsmerano.it\/de\/die-betriebszweige-der-ph-management-gmbh\/wir-leben-nachhaltigkeit\/#breadcrumb\"},\"inLanguage\":\"de\",\"potentialAction\":[{\"@type\":\"ReadAction\",\"target\":[\"https:\/\/www.hotelsmerano.it\/de\/die-betriebszweige-der-ph-management-gmbh\/wir-leben-nachhaltigkeit\/\"]}]},{\"@type\":\"ImageObject\",\"inLanguage\":\"de\",\"@id\":\"https:\/\/www.hotelsmerano.it\/de\/die-betriebszweige-der-ph-management-gmbh\/wir-leben-nachhaltigkeit\/#primaryimage\",\"url\":\"https:\/\/www.hotelsmerano.it\/wp-content\/uploads\/2023\/07\/PH_Family_Meran_City_Hotel_Merano_Hotel_Flora_Gastgeber_Dr._Barbara_Hoelzl_Dr._Stefano_Pippi_1_Anguane_2017-4921_2250x1000-certificated.jpg\",\"contentUrl\":\"https:\/\/www.hotelsmerano.it\/wp-content\/uploads\/2023\/07\/PH_Family_Meran_City_Hotel_Merano_Hotel_Flora_Gastgeber_Dr._Barbara_Hoelzl_Dr._Stefano_Pippi_1_Anguane_2017-4921_2250x1000-certificated.jpg\",\"width\":2250,\"height\":1000},{\"@type\":\"BreadcrumbList\",\"@id\":\"https:\/\/www.hotelsmerano.it\/de\/die-betriebszweige-der-ph-management-gmbh\/wir-leben-nachhaltigkeit\/#breadcrumb\",\"itemListElement\":[{\"@type\":\"ListItem\",\"position\":1,\"name\":\"Home\",\"item\":\"https:\/\/www.hotelsmerano.it\/\"},{\"@type\":\"ListItem\",\"position\":2,\"name\":\"Unser Unternehmen\",\"item\":\"https:\/\/www.hotelsmerano.it\/de\/die-betriebszweige-der-ph-management-gmbh\/\"},{\"@type\":\"ListItem\",\"position\":3,\"name\":\"Wir leben Nachhaltigkeit\"}]},{\"@type\":\"WebSite\",\"@id\":\"https:\/\/www.hotelsmerano.it\/#website\",\"url\":\"https:\/\/www.hotelsmerano.it\/\",\"name\":\"P&amp;H Family\",\"description\":\"\",\"potentialAction\":[{\"@type\":\"SearchAction\",\"target\":{\"@type\":\"EntryPoint\",\"urlTemplate\":\"https:\/\/www.hotelsmerano.it\/?s={search_term_string}\"},\"query-input\":{\"@type\":\"PropertyValueSpecification\",\"valueRequired\":true,\"valueName\":\"search_term_string\"}}],\"inLanguage\":\"de\"}]}<\/script>\n<!-- \/ Yoast SEO plugin. -->","yoast_head_json":{"title":"Wir leben Nachhaltigkeit - P&amp;H Family","robots":{"index":"index","follow":"follow","max-snippet":"max-snippet:-1","max-image-preview":"max-image-preview:large","max-video-preview":"max-video-preview:-1"},"og_locale":"de_DE","og_type":"article","og_title":"Wir leben Nachhaltigkeit - P&amp;H Family","og_description":"T\u00e4glich arbeiten wir mit Menschen und ihren Bed\u00fcrfnissen. Und genau deshalb sp\u00fcren wir die gro\u00dfe Verantwortung unseren Mitarbeitern, unseren G\u00e4sten, unserer Familie, den Einheimischen und der Gesellschaft als Ganzes gegen\u00fcber. Es spornt uns an, dass wir einen Beitrag zur Nachhaltigkeit leisten k\u00f6nnen und so unsere Zukunft wirkungsvoll mitzugestalten. Nachhaltigkeit ist f\u00fcr uns kein Schlagwort, das [&hellip;]","og_url":"https:\/\/www.hotelsmerano.it\/de\/die-betriebszweige-der-ph-management-gmbh\/wir-leben-nachhaltigkeit\/","og_site_name":"P&amp;H Family","article_modified_time":"2026-04-08T07:52:49+00:00","og_image":[{"width":2250,"height":1000,"url":"https:\/\/www.hotelsmerano.it\/wp-content\/uploads\/2023\/07\/PH_Family_Meran_City_Hotel_Merano_Hotel_Flora_Gastgeber_Dr._Barbara_Hoelzl_Dr._Stefano_Pippi_1_Anguane_2017-4921_2250x1000-certificated.jpg","type":"image\/jpeg"}],"twitter_card":"summary_large_image","twitter_misc":{"Gesch\u00e4tzte Lesezeit":"2\u00a0Minuten"},"schema":{"@context":"https:\/\/schema.org","@graph":[{"@type":"WebPage","@id":"https:\/\/www.hotelsmerano.it\/de\/die-betriebszweige-der-ph-management-gmbh\/wir-leben-nachhaltigkeit\/","url":"https:\/\/www.hotelsmerano.it\/de\/die-betriebszweige-der-ph-management-gmbh\/wir-leben-nachhaltigkeit\/","name":"Wir leben Nachhaltigkeit - P&amp;H Family","isPartOf":{"@id":"https:\/\/www.hotelsmerano.it\/#website"},"primaryImageOfPage":{"@id":"https:\/\/www.hotelsmerano.it\/de\/die-betriebszweige-der-ph-management-gmbh\/wir-leben-nachhaltigkeit\/#primaryimage"},"image":{"@id":"https:\/\/www.hotelsmerano.it\/de\/die-betriebszweige-der-ph-management-gmbh\/wir-leben-nachhaltigkeit\/#primaryimage"},"thumbnailUrl":"https:\/\/www.hotelsmerano.it\/wp-content\/uploads\/2023\/07\/PH_Family_Meran_City_Hotel_Merano_Hotel_Flora_Gastgeber_Dr._Barbara_Hoelzl_Dr._Stefano_Pippi_1_Anguane_2017-4921_2250x1000-certificated.jpg","datePublished":"2021-07-05T12:25:21+00:00","dateModified":"2026-04-08T07:52:49+00:00","breadcrumb":{"@id":"https:\/\/www.hotelsmerano.it\/de\/die-betriebszweige-der-ph-management-gmbh\/wir-leben-nachhaltigkeit\/#breadcrumb"},"inLanguage":"de","potentialAction":[{"@type":"ReadAction","target":["https:\/\/www.hotelsmerano.it\/de\/die-betriebszweige-der-ph-management-gmbh\/wir-leben-nachhaltigkeit\/"]}]},{"@type":"ImageObject","inLanguage":"de","@id":"https:\/\/www.hotelsmerano.it\/de\/die-betriebszweige-der-ph-management-gmbh\/wir-leben-nachhaltigkeit\/#primaryimage","url":"https:\/\/www.hotelsmerano.it\/wp-content\/uploads\/2023\/07\/PH_Family_Meran_City_Hotel_Merano_Hotel_Flora_Gastgeber_Dr._Barbara_Hoelzl_Dr._Stefano_Pippi_1_Anguane_2017-4921_2250x1000-certificated.jpg","contentUrl":"https:\/\/www.hotelsmerano.it\/wp-content\/uploads\/2023\/07\/PH_Family_Meran_City_Hotel_Merano_Hotel_Flora_Gastgeber_Dr._Barbara_Hoelzl_Dr._Stefano_Pippi_1_Anguane_2017-4921_2250x1000-certificated.jpg","width":2250,"height":1000},{"@type":"BreadcrumbList","@id":"https:\/\/www.hotelsmerano.it\/de\/die-betriebszweige-der-ph-management-gmbh\/wir-leben-nachhaltigkeit\/#breadcrumb","itemListElement":[{"@type":"ListItem","position":1,"name":"Home","item":"https:\/\/www.hotelsmerano.it\/"},{"@type":"ListItem","position":2,"name":"Unser Unternehmen","item":"https:\/\/www.hotelsmerano.it\/de\/die-betriebszweige-der-ph-management-gmbh\/"},{"@type":"ListItem","position":3,"name":"Wir leben Nachhaltigkeit"}]},{"@type":"WebSite","@id":"https:\/\/www.hotelsmerano.it\/#website","url":"https:\/\/www.hotelsmerano.it\/","name":"P&amp;H Family","description":"","potentialAction":[{"@type":"SearchAction","target":{"@type":"EntryPoint","urlTemplate":"https:\/\/www.hotelsmerano.it\/?s={search_term_string}"},"query-input":{"@type":"PropertyValueSpecification","valueRequired":true,"valueName":"search_term_string"}}],"inLanguage":"de"}]}},"_links":{"self":[{"href":"https:\/\/www.hotelsmerano.it\/de\/wp-json\/wp\/v2\/pages\/12428","targetHints":{"allow":["GET"]}}],"collection":[{"href":"https:\/\/www.hotelsmerano.it\/de\/wp-json\/wp\/v2\/pages"}],"about":[{"href":"https:\/\/www.hotelsmerano.it\/de\/wp-json\/wp\/v2\/types\/page"}],"author":[{"embeddable":true,"href":"https:\/\/www.hotelsmerano.it\/de\/wp-json\/wp\/v2\/users\/5"}],"replies":[{"embeddable":true,"href":"https:\/\/www.hotelsmerano.it\/de\/wp-json\/wp\/v2\/comments?post=12428"}],"version-history":[{"count":0,"href":"https:\/\/www.hotelsmerano.it\/de\/wp-json\/wp\/v2\/pages\/12428\/revisions"}],"up":[{"embeddable":true,"href":"https:\/\/www.hotelsmerano.it\/de\/wp-json\/wp\/v2\/pages\/2673"}],"wp:featuredmedia":[{"embeddable":true,"href":"https:\/\/www.hotelsmerano.it\/de\/wp-json\/wp\/v2\/media\/13211"}],"wp:attachment":[{"href":"https:\/\/www.hotelsmerano.it\/de\/wp-json\/wp\/v2\/media?parent=12428"}],"curies":[{"name":"wp","href":"https:\/\/api.w.org\/{rel}","templated":true}]}}